{"id":3618,"date":"2013-04-01T15:37:54","date_gmt":"2013-04-01T13:37:54","guid":{"rendered":"http:\/\/palomo.net\/inicio-2\/"},"modified":"2020-11-02T15:10:41","modified_gmt":"2020-11-02T14:10:41","slug":"inicio","status":"publish","type":"page","link":"https:\/\/palomo.net\/ca\/","title":{"rendered":"Inici"},"content":{"rendered":"<div id='layer_slider_1' class='avia-layerslider main_color avia-shadow  container_wrap sidebar_right'    style='height: 301px;' ><\/div>\n<\/div><\/div><\/div><!-- close content main div --><\/div><\/div><div id='homeboxes' class='avia-section main_color avia-section-no-padding avia-no-border-styling avia-bg-style-scroll   container_wrap sidebar_right' style = 'background-color: #ececec; background-image: '  ><div class='container' ><div class='template-page content  av-content-small alpha units'><div class='post-entry post-entry-type-page post-entry-3618'><div class='entry-content-wrapper clearfix'>\n<div class=\"flex_column av_one_third  flex_column_div av-zero-column-padding first  \" style='border-radius:0px; '><section class=\"av_textblock_section \"  itemscope=\"itemscope\" itemtype=\"https:\/\/schema.org\/CreativeWork\" ><div class='avia_textblock  '   itemprop=\"text\" ><h2 class=\"iconbox_content_title\">\u00c1REA<br \/>\nLABORAL<\/h2>\n<p>Li facilitem les decisions<br \/>\nen l&#8217;\u00e0mbit laboral.<\/p>\n<div style=\"position: absolute; right: 0px; bottom: 0px;\"><a title=\"Gesti\u00f3 i outsourcing salarial\" href=\"http:\/\/palomo.net\/ca\/serveis\/area-laboral\/\"><img decoding=\"async\" class=\"alignright size-full wp-image-3808 alignright lazyload\" data-src=\"http:\/\/palomo.net\/wp-content\/uploads\/leer-mas.png\" alt=\"leer m\u00e1s\" width=\"40\" height=\"40\" data-srcset=\"https:\/\/palomo.net\/wp-content\/uploads\/leer-mas.png 40w, https:\/\/palomo.net\/wp-content\/uploads\/leer-mas-36x36.png 36w\" data-sizes=\"(max-width: 40px) 100vw, 40px\" src=\"data:image\/svg+xml;base64,PHN2ZyB3aWR0aD0iMSIgaGVpZ2h0PSIxIiB4bWxucz0iaHR0cDovL3d3dy53My5vcmcvMjAwMC9zdmciPjwvc3ZnPg==\" style=\"--smush-placeholder-width: 40px; --smush-placeholder-aspect-ratio: 40\/40;\" \/><\/a><\/div>\n<\/div><\/section><\/div><div class=\"flex_column av_one_third  flex_column_div av-zero-column-padding   \" style='border-radius:0px; '><section class=\"av_textblock_section \"  itemscope=\"itemscope\" itemtype=\"https:\/\/schema.org\/CreativeWork\" ><div class='avia_textblock  '   itemprop=\"text\" ><h2 class=\"iconbox_content_title\">\u00c0REA<br \/>\nFISCAL-COMPTABLE<\/h2>\n<p>Aportem tranquil\u00b7litat i seguretat<br \/>\nals nostres clients.<\/p>\n<div style=\"position: absolute; right: 0px; bottom: 0px;\"><a title=\"Assessorament laboral\" href=\"http:\/\/palomo.net\/ca\/serveis\/area-fiscal-comptable\/\"><img decoding=\"async\" class=\"alignright size-full wp-image-3808 alignright lazyload\" data-src=\"http:\/\/palomo.net\/wp-content\/uploads\/leer-mas.png\" alt=\"leer m\u00e1s\" width=\"40\" height=\"40\" data-srcset=\"https:\/\/palomo.net\/wp-content\/uploads\/leer-mas.png 40w, https:\/\/palomo.net\/wp-content\/uploads\/leer-mas-36x36.png 36w\" data-sizes=\"(max-width: 40px) 100vw, 40px\" src=\"data:image\/svg+xml;base64,PHN2ZyB3aWR0aD0iMSIgaGVpZ2h0PSIxIiB4bWxucz0iaHR0cDovL3d3dy53My5vcmcvMjAwMC9zdmciPjwvc3ZnPg==\" style=\"--smush-placeholder-width: 40px; --smush-placeholder-aspect-ratio: 40\/40;\" \/><\/a><\/div>\n<\/div><\/section><\/div><div class=\"flex_column av_one_third  flex_column_div av-zero-column-padding   \" style='border-radius:0px; '><section class=\"av_textblock_section \"  itemscope=\"itemscope\" itemtype=\"https:\/\/schema.org\/CreativeWork\" ><div class='avia_textblock  '   itemprop=\"text\" ><h2 class=\"iconbox_content_title\">\u00c0REA<br \/>\nJUR\u00cdDICA<\/h2>\n<p>Comptem amb advocats<br \/>\nd&#8217;experi\u00e8ncia contrastada.<\/p>\n<div style=\"position: absolute; right: 0px; bottom: 0px;\"><a title=\"\u00c1rea Jur\u00eddica\" href=\"http:\/\/palomo.net\/ca\/area-juridica\/\"><img decoding=\"async\" class=\"alignright size-full wp-image-3808 alignright lazyload\" data-src=\"http:\/\/palomo.net\/wp-content\/uploads\/leer-mas.png\" alt=\"leer m\u00e1s\" width=\"40\" height=\"40\" data-srcset=\"https:\/\/palomo.net\/wp-content\/uploads\/leer-mas.png 40w, https:\/\/palomo.net\/wp-content\/uploads\/leer-mas-36x36.png 36w\" data-sizes=\"(max-width: 40px) 100vw, 40px\" src=\"data:image\/svg+xml;base64,PHN2ZyB3aWR0aD0iMSIgaGVpZ2h0PSIxIiB4bWxucz0iaHR0cDovL3d3dy53My5vcmcvMjAwMC9zdmciPjwvc3ZnPg==\" style=\"--smush-placeholder-width: 40px; --smush-placeholder-aspect-ratio: 40\/40;\" \/><\/a><\/div>\n<\/div><\/section><\/div>\n<\/div><\/div><\/div><!-- close content main div --><\/div><\/div><div id='after_section_1' class='main_color av_default_container_wrap container_wrap sidebar_right'   ><div class='container' ><div class='template-page content  av-content-small alpha units'><div class='post-entry post-entry-type-page post-entry-3618'><div class='entry-content-wrapper clearfix'>\n<\/div><\/div><\/div><!-- close content main div --><\/div><\/div><div id='homeboxesbis' class='avia-section main_color avia-section-no-padding avia-no-border-styling avia-bg-style-scroll   container_wrap sidebar_right' style = 'background-color: #ececec; background-image: '  ><div class='container' ><div class='template-page content  av-content-small alpha units'><div class='post-entry post-entry-type-page post-entry-3618'><div class='entry-content-wrapper clearfix'>\n<div class=\"flex_column av_one_third  flex_column_div av-zero-column-padding first  \" style='border-radius:0px; '><section class=\"av_textblock_section \"  itemscope=\"itemscope\" itemtype=\"https:\/\/schema.org\/CreativeWork\" ><div class='avia_textblock  '   itemprop=\"text\" ><h2 class=\"iconbox_content_title\">RRHH I<br \/>\nSELECCI\u00d3 DE PERSONAL<\/h2>\n<p>Ajudem a identificar i a avaluar<br \/>\nel millor talent.<\/p>\n<div style=\"position: absolute; right: 0px; bottom: 0px;\"><a title=\"RRHH i formaci\u00f3\" href=\"http:\/\/palomo.net\/ca\/serveis\/rrhh-i-seleccio-personal\/\"><img decoding=\"async\" class=\"alignright size-full wp-image-3808 alignright lazyload\" data-src=\"http:\/\/palomo.net\/wp-content\/uploads\/leer-mas.png\" alt=\"leer m\u00e1s\" width=\"40\" height=\"40\" data-srcset=\"https:\/\/palomo.net\/wp-content\/uploads\/leer-mas.png 40w, https:\/\/palomo.net\/wp-content\/uploads\/leer-mas-36x36.png 36w\" data-sizes=\"(max-width: 40px) 100vw, 40px\" src=\"data:image\/svg+xml;base64,PHN2ZyB3aWR0aD0iMSIgaGVpZ2h0PSIxIiB4bWxucz0iaHR0cDovL3d3dy53My5vcmcvMjAwMC9zdmciPjwvc3ZnPg==\" style=\"--smush-placeholder-width: 40px; --smush-placeholder-aspect-ratio: 40\/40;\" \/><\/a><\/div>\n<\/div><\/section><\/div><div class=\"flex_column av_one_third  flex_column_div av-zero-column-padding   \" style='border-radius:0px; '><section class=\"av_textblock_section \"  itemscope=\"itemscope\" itemtype=\"https:\/\/schema.org\/CreativeWork\" ><div class='avia_textblock  '   itemprop=\"text\" ><h2 class=\"iconbox_content_title\">\u00c0REA<br \/>\nFORMACI\u00d3<\/h2>\n<p>Ajudem al desenvolupament professional<br \/>\na les empreses.<\/p>\n<div style=\"position: absolute; right: 0px; bottom: 0px;\"><a title=\"RRHH i formaci\u00f3\" href=\"https:\/\/formacion.palomo.net\/\" target=\"_blank\" rel=\"noopener noreferrer\"><img decoding=\"async\" class=\"alignright size-full wp-image-3808 alignright lazyload\" data-src=\"http:\/\/palomo.net\/wp-content\/uploads\/leer-mas.png\" alt=\"leer m\u00e1s\" width=\"40\" height=\"40\" data-srcset=\"https:\/\/palomo.net\/wp-content\/uploads\/leer-mas.png 40w, https:\/\/palomo.net\/wp-content\/uploads\/leer-mas-36x36.png 36w\" data-sizes=\"(max-width: 40px) 100vw, 40px\" src=\"data:image\/svg+xml;base64,PHN2ZyB3aWR0aD0iMSIgaGVpZ2h0PSIxIiB4bWxucz0iaHR0cDovL3d3dy53My5vcmcvMjAwMC9zdmciPjwvc3ZnPg==\" style=\"--smush-placeholder-width: 40px; --smush-placeholder-aspect-ratio: 40\/40;\" \/><\/a><\/div>\n<\/div><\/section><\/div><div class=\"flex_column av_one_third  flex_column_div av-zero-column-padding   \" style='border-radius:0px; '><section class=\"av_textblock_section \"  itemscope=\"itemscope\" itemtype=\"https:\/\/schema.org\/CreativeWork\" ><div class='avia_textblock  '   itemprop=\"text\" ><h2 class=\"iconbox_content_title\">CONSULTORIA<br \/>\nESTRAT\u00c8GICA EMPRESARIAL<\/h2>\n<p>Ajudem a incrementar la capacitat competitiva<br \/>\nde les empreses.<\/p>\n<div style=\"position: absolute; right: 0px; bottom: 0px;\"><a title=\"RRHH i formaci\u00f3\" href=\"http:\/\/palomo.net\/ca\/serveis\/consultoria-estrategica-empresarial\/\"><img decoding=\"async\" class=\"alignright size-full wp-image-3808 alignright lazyload\" data-src=\"http:\/\/palomo.net\/wp-content\/uploads\/leer-mas.png\" alt=\"leer m\u00e1s\" width=\"40\" height=\"40\" data-srcset=\"https:\/\/palomo.net\/wp-content\/uploads\/leer-mas.png 40w, https:\/\/palomo.net\/wp-content\/uploads\/leer-mas-36x36.png 36w\" data-sizes=\"(max-width: 40px) 100vw, 40px\" src=\"data:image\/svg+xml;base64,PHN2ZyB3aWR0aD0iMSIgaGVpZ2h0PSIxIiB4bWxucz0iaHR0cDovL3d3dy53My5vcmcvMjAwMC9zdmciPjwvc3ZnPg==\" style=\"--smush-placeholder-width: 40px; --smush-placeholder-aspect-ratio: 40\/40;\" \/><\/a><\/div>\n<\/div><\/section><\/div><\/div><\/div><\/div><!-- close content main div --><\/div><\/div><div id='after_section_2' class='main_color av_default_container_wrap container_wrap sidebar_right'   ><div class='container' ><div class='template-page content  av-content-small alpha units'><div class='post-entry post-entry-type-page post-entry-3618'><div class='entry-content-wrapper clearfix'><\/div><\/div><\/div><!-- close content main div --><\/div><\/div><div id='homeboxes2' class='avia-section main_color avia-section-no-padding avia-no-border-styling avia-bg-style-scroll   container_wrap sidebar_right' style = 'background-image: '  ><div class='container' ><div class='template-page content  av-content-small alpha units'><div class='post-entry post-entry-type-page post-entry-3618'><div class='entry-content-wrapper clearfix'>\n<div class=\"flex_column av_one_third  flex_column_div first  \" ><p><div style='padding-bottom:0px; ' class='av-special-heading av-special-heading-h4     '><h4 class='av-special-heading-tag '  itemprop=\"headline\"  >Not\u00edcies<\/h4><div class='special-heading-border'><div class='special-heading-inner-border' ><\/div><\/div><\/div><br \/>\n<div  data-autoplay=''  data-interval='5'  data-animation='fade'  data-show_slide_delay='90'  class='avia-content-slider avia-content-slider-active avia-content-slider1 avia-content-slider-odd  '  itemscope=\"itemscope\" itemtype=\"https:\/\/schema.org\/Blog\" ><div class='avia-content-slider-inner'><div class='slide-entry-wrap'><article class='slide-entry flex_column  post-entry post-entry-10056 slide-entry-overview slide-loop-1 slide-parity-odd  av_fullwidth first real-thumbnail'  itemscope=\"itemscope\" itemtype=\"https:\/\/schema.org\/BlogPosting\" itemprop=\"blogPost\" ><a href='https:\/\/palomo.net\/ca\/la-venta-online-supone-ya-un-20-del-consumo-en-espana-mientras-el-comercio-se-frena\/' data-rel='slide-1' class='slide-image' title=''><img decoding=\"async\" width=\"275\" height=\"183\" data-src=\"https:\/\/palomo.net\/wp-content\/uploads\/COMERCIO-ONLINE.jpg\" class=\"attachment-large size-large wp-post-image lazyload\" alt=\"\" src=\"data:image\/svg+xml;base64,PHN2ZyB3aWR0aD0iMSIgaGVpZ2h0PSIxIiB4bWxucz0iaHR0cDovL3d3dy53My5vcmcvMjAwMC9zdmciPjwvc3ZnPg==\" style=\"--smush-placeholder-width: 275px; --smush-placeholder-aspect-ratio: 275\/183;\" \/><\/a><div class='slide-content'><header class=\"entry-content-header\"><h3 class='slide-entry-title entry-title'  itemprop=\"headline\" ><a href='https:\/\/palomo.net\/ca\/la-venta-online-supone-ya-un-20-del-consumo-en-espana-mientras-el-comercio-se-frena\/' title='LA VENTA ONLINE SUPONE YA UN 20% DEL CONSUMO EN ESPA\u00d1A, MIENTRAS EL COMERCIO SE FRENA'>LA VENTA ONLINE SUPONE YA UN 20% DEL CONSUMO EN ESPA\u00d1A, MIENTRAS EL COMERCIO SE FRENA<\/a><\/h3><span class=\"av-vertical-delimiter\"><\/span><\/header><div class='slide-meta'><div class='slide-meta-comments'><a href='https:\/\/palomo.net\/ca\/la-venta-online-supone-ya-un-20-del-consumo-en-espana-mientras-el-comercio-se-frena\/#respond'>0 Comments<\/a><\/div><div class='slide-meta-del'>\/<\/div><time class='slide-meta-time updated'  itemprop=\"datePublished\" datetime=\"2019-02-12T10:22:37+01:00\" >12 febrer, 2019<\/time><\/div><div class='slide-entry-excerpt entry-content'  itemprop=\"text\" >El informe sobre la situaci\u00f3n del consumo en el segundo semestre\u2026<div class=\"read-more-link\"><a href=\"https:\/\/palomo.net\/ca\/la-venta-online-supone-ya-un-20-del-consumo-en-espana-mientras-el-comercio-se-frena\/\" class=\"more-link\">Llegir m\u00e9s<span class=\"more-link-arrow\"><\/span><\/a><\/div><\/div><\/div><footer class=\"entry-footer\"><\/footer><span class='hidden'>\n\t\t\t<span class='av-structured-data'  itemprop=\"ImageObject\" itemscope=\"itemscope\" itemtype=\"https:\/\/schema.org\/ImageObject\"  itemprop='image'>\n\t\t\t\t\t   <span itemprop='url' >https:\/\/palomo.net\/wp-content\/uploads\/COMERCIO-ONLINE.jpg<\/span>\n\t\t\t\t\t   <span itemprop='height' >183<\/span>\n\t\t\t\t\t   <span itemprop='width' >275<\/span>\n\t\t\t\t  <\/span><span class='av-structured-data'  itemprop=\"publisher\" itemtype=\"https:\/\/schema.org\/Organization\" itemscope=\"itemscope\" >\n\t\t\t\t<span itemprop='name'>Palomo Consultors<\/span>\n\t\t\t\t<span itemprop='logo' itemscope itemtype='http:\/\/schema.org\/ImageObject'>\n\t\t\t\t   <span itemprop='url'>https:\/\/palomo.net\/wp-content\/uploads\/logo-palomo-assessors-50.jpg<\/span>\n\t\t\t\t <\/span>\n\t\t\t  <\/span><span class='av-structured-data'  itemprop=\"author\" itemscope=\"itemscope\" itemtype=\"https:\/\/schema.org\/Person\" ><span itemprop='name'>Palomo Consultors<\/span><\/span><span class='av-structured-data'  itemprop=\"datePublished\" datetime=\"2018-12-12T14:26:34+01:00\" >2019-02-12 10:22:37<\/span><span class='av-structured-data'  itemprop=\"dateModified\" itemtype=\"https:\/\/schema.org\/dateModified\" >2019-02-12 10:24:17<\/span><span class='av-structured-data'  itemprop=\"mainEntityOfPage\" itemtype=\"https:\/\/schema.org\/mainEntityOfPage\" ><span itemprop='name'>LA VENTA ONLINE SUPONE YA UN 20% DEL CONSUMO EN ESPA\u00d1A, MIENTRAS EL COMERCIO SE FRENA<\/span><\/span><\/span><\/article><\/div><div class='slide-entry-wrap'><article class='slide-entry flex_column  post-entry post-entry-9932 slide-entry-overview slide-loop-2 slide-parity-odd  av_fullwidth first fake-thumbnail'  itemscope=\"itemscope\" itemtype=\"https:\/\/schema.org\/BlogPosting\" itemprop=\"blogPost\" ><a href='https:\/\/palomo.net\/ca\/un-buen-sueldo-no-es-lo-mas-importante-para-los-jovenes-espanoles\/' data-rel='slide-1' class='slide-image' title=''><span class=' fallback-post-type-icon' aria-hidden='true' data-av_icon='\ue836' data-av_iconfont='entypo-fontello'><\/span><span class='slider-fallback-image'><img decoding=\"async\" width=\"239\" height=\"211\" data-src=\"https:\/\/palomo.net\/wp-content\/uploads\/SOCIEDADES-MERCANTILES-1.jpg\" class=\"attachment-large size-large wp-post-image lazyload\" alt=\"\" src=\"data:image\/svg+xml;base64,PHN2ZyB3aWR0aD0iMSIgaGVpZ2h0PSIxIiB4bWxucz0iaHR0cDovL3d3dy53My5vcmcvMjAwMC9zdmciPjwvc3ZnPg==\" style=\"--smush-placeholder-width: 239px; --smush-placeholder-aspect-ratio: 239\/211;\" \/><\/span><\/a><div class='slide-content'><header class=\"entry-content-header\"><h3 class='slide-entry-title entry-title'  itemprop=\"headline\" ><a href='https:\/\/palomo.net\/ca\/un-buen-sueldo-no-es-lo-mas-importante-para-los-jovenes-espanoles\/' title='UN BUEN SUELDO NO ES LO M\u00c1S IMPORTANTE PARA LOS J\u00d3VENES ESPA\u00d1OLES'>UN BUEN SUELDO NO ES LO M\u00c1S IMPORTANTE PARA LOS J\u00d3VENES ESPA\u00d1OLES<\/a><\/h3><span class=\"av-vertical-delimiter\"><\/span><\/header><div class='slide-meta'><div class='slide-meta-comments'><a href='https:\/\/palomo.net\/ca\/un-buen-sueldo-no-es-lo-mas-importante-para-los-jovenes-espanoles\/#respond'>0 Comments<\/a><\/div><div class='slide-meta-del'>\/<\/div><time class='slide-meta-time updated'  itemprop=\"datePublished\" datetime=\"2019-01-08T14:31:52+01:00\" >8 gener, 2019<\/time><\/div><div class='slide-entry-excerpt entry-content'  itemprop=\"text\" >\r\n\r\n\r\n\r\n\r\n\r\n\r\nPrefieren un trabajo que les apasione o poder conciliar\r\n\r\n\r\n\r\n\r\n\r\n\r\nLos\u2026<div class=\"read-more-link\"><a href=\"https:\/\/palomo.net\/ca\/un-buen-sueldo-no-es-lo-mas-importante-para-los-jovenes-espanoles\/\" class=\"more-link\">Llegir m\u00e9s<span class=\"more-link-arrow\"><\/span><\/a><\/div><\/div><\/div><footer class=\"entry-footer\"><\/footer><span class='hidden'>\n\t\t\t<span class='av-structured-data'  itemprop=\"ImageObject\" itemscope=\"itemscope\" itemtype=\"https:\/\/schema.org\/ImageObject\"  itemprop='image'>\n\t\t\t\t\t   <span itemprop='url' >https:\/\/palomo.net\/wp-content\/uploads\/logo-palomo-assessors-50.jpg<\/span>\n\t\t\t\t\t   <span itemprop='height' >0<\/span>\n\t\t\t\t\t   <span itemprop='width' >0<\/span>\n\t\t\t\t  <\/span><span class='av-structured-data'  itemprop=\"publisher\" itemtype=\"https:\/\/schema.org\/Organization\" itemscope=\"itemscope\" >\n\t\t\t\t<span itemprop='name'>Palomo Consultors<\/span>\n\t\t\t\t<span itemprop='logo' itemscope itemtype='http:\/\/schema.org\/ImageObject'>\n\t\t\t\t   <span itemprop='url'>https:\/\/palomo.net\/wp-content\/uploads\/logo-palomo-assessors-50.jpg<\/span>\n\t\t\t\t <\/span>\n\t\t\t  <\/span><span class='av-structured-data'  itemprop=\"author\" itemscope=\"itemscope\" itemtype=\"https:\/\/schema.org\/Person\" ><span itemprop='name'>Palomo Consultors<\/span><\/span><span class='av-structured-data'  itemprop=\"datePublished\" datetime=\"2018-12-12T14:26:34+01:00\" >2019-01-08 14:31:52<\/span><span class='av-structured-data'  itemprop=\"dateModified\" itemtype=\"https:\/\/schema.org\/dateModified\" >2019-01-11 10:48:55<\/span><span class='av-structured-data'  itemprop=\"mainEntityOfPage\" itemtype=\"https:\/\/schema.org\/mainEntityOfPage\" ><span itemprop='name'>UN BUEN SUELDO NO ES LO M\u00c1S IMPORTANTE PARA LOS J\u00d3VENES ESPA\u00d1OLES<\/span><\/span><\/span><\/article><\/div><div class='slide-entry-wrap'><article class='slide-entry flex_column  post-entry post-entry-9863 slide-entry-overview slide-loop-3 slide-parity-odd  av_fullwidth first real-thumbnail'  itemscope=\"itemscope\" itemtype=\"https:\/\/schema.org\/BlogPosting\" itemprop=\"blogPost\" ><a href='https:\/\/palomo.net\/ca\/los-empresarios-pagaran-menos-por-un-autonomo-que-por-un-asalariado\/' data-rel='slide-1' class='slide-image' title=''><img decoding=\"async\" width=\"770\" height=\"514\" data-src=\"https:\/\/palomo.net\/wp-content\/uploads\/ASALAROIADO-VS-AUT\u00d3NOMO.png\" class=\"attachment-large size-large wp-post-image lazyload\" alt=\"\" data-srcset=\"https:\/\/palomo.net\/wp-content\/uploads\/ASALAROIADO-VS-AUT\u00d3NOMO.png 770w, https:\/\/palomo.net\/wp-content\/uploads\/ASALAROIADO-VS-AUT\u00d3NOMO-300x200.png 300w, https:\/\/palomo.net\/wp-content\/uploads\/ASALAROIADO-VS-AUT\u00d3NOMO-768x513.png 768w, https:\/\/palomo.net\/wp-content\/uploads\/ASALAROIADO-VS-AUT\u00d3NOMO-705x471.png 705w, https:\/\/palomo.net\/wp-content\/uploads\/ASALAROIADO-VS-AUT\u00d3NOMO-450x300.png 450w\" data-sizes=\"(max-width: 770px) 100vw, 770px\" src=\"data:image\/svg+xml;base64,PHN2ZyB3aWR0aD0iMSIgaGVpZ2h0PSIxIiB4bWxucz0iaHR0cDovL3d3dy53My5vcmcvMjAwMC9zdmciPjwvc3ZnPg==\" style=\"--smush-placeholder-width: 770px; --smush-placeholder-aspect-ratio: 770\/514;\" \/><\/a><div class='slide-content'><header class=\"entry-content-header\"><h3 class='slide-entry-title entry-title'  itemprop=\"headline\" ><a href='https:\/\/palomo.net\/ca\/los-empresarios-pagaran-menos-por-un-autonomo-que-por-un-asalariado\/' title='LOS EMPRESARIOS PAGAR\u00c1N MENOS POR UN AUT\u00d3NOMO QUE POR UN ASALARIADO'>LOS EMPRESARIOS PAGAR\u00c1N MENOS POR UN AUT\u00d3NOMO QUE POR UN ASALARIADO<\/a><\/h3><span class=\"av-vertical-delimiter\"><\/span><\/header><div class='slide-meta'><div class='slide-meta-comments'><a href='https:\/\/palomo.net\/ca\/los-empresarios-pagaran-menos-por-un-autonomo-que-por-un-asalariado\/#respond'>0 Comments<\/a><\/div><div class='slide-meta-del'>\/<\/div><time class='slide-meta-time updated'  itemprop=\"datePublished\" datetime=\"2018-12-19T10:23:48+01:00\" >19 desembre, 2018<\/time><\/div><div class='slide-entry-excerpt entry-content'  itemprop=\"text\" >El Gobierno pondr\u00e1 en marcha medidas para evitar el fraude\r\nDespu\u00e9s\u2026<div class=\"read-more-link\"><a href=\"https:\/\/palomo.net\/ca\/los-empresarios-pagaran-menos-por-un-autonomo-que-por-un-asalariado\/\" class=\"more-link\">Llegir m\u00e9s<span class=\"more-link-arrow\"><\/span><\/a><\/div><\/div><\/div><footer class=\"entry-footer\"><\/footer><span class='hidden'>\n\t\t\t<span class='av-structured-data'  itemprop=\"ImageObject\" itemscope=\"itemscope\" itemtype=\"https:\/\/schema.org\/ImageObject\"  itemprop='image'>\n\t\t\t\t\t   <span itemprop='url' >https:\/\/palomo.net\/wp-content\/uploads\/ASALAROIADO-VS-AUT\u00d3NOMO.png<\/span>\n\t\t\t\t\t   <span itemprop='height' >514<\/span>\n\t\t\t\t\t   <span itemprop='width' >770<\/span>\n\t\t\t\t  <\/span><span class='av-structured-data'  itemprop=\"publisher\" itemtype=\"https:\/\/schema.org\/Organization\" itemscope=\"itemscope\" >\n\t\t\t\t<span itemprop='name'>Palomo Consultors<\/span>\n\t\t\t\t<span itemprop='logo' itemscope itemtype='http:\/\/schema.org\/ImageObject'>\n\t\t\t\t   <span itemprop='url'>https:\/\/palomo.net\/wp-content\/uploads\/logo-palomo-assessors-50.jpg<\/span>\n\t\t\t\t <\/span>\n\t\t\t  <\/span><span class='av-structured-data'  itemprop=\"author\" itemscope=\"itemscope\" itemtype=\"https:\/\/schema.org\/Person\" ><span itemprop='name'>Palomo Consultors<\/span><\/span><span class='av-structured-data'  itemprop=\"datePublished\" datetime=\"2018-12-12T14:26:34+01:00\" >2018-12-19 10:23:48<\/span><span class='av-structured-data'  itemprop=\"dateModified\" itemtype=\"https:\/\/schema.org\/dateModified\" >2018-12-19 10:23:48<\/span><span class='av-structured-data'  itemprop=\"mainEntityOfPage\" itemtype=\"https:\/\/schema.org\/mainEntityOfPage\" ><span itemprop='name'>LOS EMPRESARIOS PAGAR\u00c1N MENOS POR UN AUT\u00d3NOMO QUE POR UN ASALARIADO<\/span><\/span><\/span><\/article><\/div><div class='slide-entry-wrap'><article class='slide-entry flex_column  post-entry post-entry-9819 slide-entry-overview slide-loop-4 slide-parity-odd  post-entry-last  av_fullwidth first real-thumbnail'  itemscope=\"itemscope\" itemtype=\"https:\/\/schema.org\/BlogPosting\" itemprop=\"blogPost\" ><a href='https:\/\/palomo.net\/ca\/en-octubre-se-crean-7-725-sociedades-mercantiles-un-68-mas\/' data-rel='slide-1' class='slide-image' title=''><img decoding=\"async\" width=\"239\" height=\"211\" data-src=\"https:\/\/palomo.net\/wp-content\/uploads\/SOCIEDADES-MERCANTILES-1.jpg\" class=\"attachment-large size-large wp-post-image lazyload\" alt=\"\" src=\"data:image\/svg+xml;base64,PHN2ZyB3aWR0aD0iMSIgaGVpZ2h0PSIxIiB4bWxucz0iaHR0cDovL3d3dy53My5vcmcvMjAwMC9zdmciPjwvc3ZnPg==\" style=\"--smush-placeholder-width: 239px; --smush-placeholder-aspect-ratio: 239\/211;\" \/><\/a><div class='slide-content'><header class=\"entry-content-header\"><h3 class='slide-entry-title entry-title'  itemprop=\"headline\" ><a href='https:\/\/palomo.net\/ca\/en-octubre-se-crean-7-725-sociedades-mercantiles-un-68-mas\/' title='EN OCTUBRE SE CREAN 7.725 SOCIEDADES MERCANTILES, UN 6,8% M\u00c1S'>EN OCTUBRE SE CREAN 7.725 SOCIEDADES MERCANTILES, UN 6,8% M\u00c1S<\/a><\/h3><span class=\"av-vertical-delimiter\"><\/span><\/header><div class='slide-meta'><div class='slide-meta-comments'><a href='https:\/\/palomo.net\/ca\/en-octubre-se-crean-7-725-sociedades-mercantiles-un-68-mas\/#respond'>0 Comments<\/a><\/div><div class='slide-meta-del'>\/<\/div><time class='slide-meta-time updated'  itemprop=\"datePublished\" datetime=\"2018-12-12T14:26:34+01:00\" >12 desembre, 2018<\/time><\/div><div class='slide-entry-excerpt entry-content'  itemprop=\"text\" >En octubre se crean 7.725 sociedades mercantiles, un 6,8% m\u00e1s\u2026<div class=\"read-more-link\"><a href=\"https:\/\/palomo.net\/ca\/en-octubre-se-crean-7-725-sociedades-mercantiles-un-68-mas\/\" class=\"more-link\">Llegir m\u00e9s<span class=\"more-link-arrow\"><\/span><\/a><\/div><\/div><\/div><footer class=\"entry-footer\"><\/footer><span class='hidden'>\n\t\t\t<span class='av-structured-data'  itemprop=\"ImageObject\" itemscope=\"itemscope\" itemtype=\"https:\/\/schema.org\/ImageObject\"  itemprop='image'>\n\t\t\t\t\t   <span itemprop='url' >https:\/\/palomo.net\/wp-content\/uploads\/SOCIEDADES-MERCANTILES-1.jpg<\/span>\n\t\t\t\t\t   <span itemprop='height' >211<\/span>\n\t\t\t\t\t   <span itemprop='width' >239<\/span>\n\t\t\t\t  <\/span><span class='av-structured-data'  itemprop=\"publisher\" itemtype=\"https:\/\/schema.org\/Organization\" itemscope=\"itemscope\" >\n\t\t\t\t<span itemprop='name'>Palomo Consultors<\/span>\n\t\t\t\t<span itemprop='logo' itemscope itemtype='http:\/\/schema.org\/ImageObject'>\n\t\t\t\t   <span itemprop='url'>https:\/\/palomo.net\/wp-content\/uploads\/logo-palomo-assessors-50.jpg<\/span>\n\t\t\t\t <\/span>\n\t\t\t  <\/span><span class='av-structured-data'  itemprop=\"author\" itemscope=\"itemscope\" itemtype=\"https:\/\/schema.org\/Person\" ><span itemprop='name'>Palomo Consultors<\/span><\/span><span class='av-structured-data'  itemprop=\"datePublished\" datetime=\"2018-12-12T14:26:34+01:00\" >2018-12-12 14:26:34<\/span><span class='av-structured-data'  itemprop=\"dateModified\" itemtype=\"https:\/\/schema.org\/dateModified\" >2018-12-12 14:26:34<\/span><span class='av-structured-data'  itemprop=\"mainEntityOfPage\" itemtype=\"https:\/\/schema.org\/mainEntityOfPage\" ><span itemprop='name'>EN OCTUBRE SE CREAN 7.725 SOCIEDADES MERCANTILES, UN 6,8% M\u00c1S<\/span><\/span><\/span><\/article><\/div><\/div><div class='avia-slideshow-arrows avia-slideshow-controls'><a href='#prev' class='prev-slide' aria-hidden='true' data-av_icon='\ue87c' data-av_iconfont='entypo-fontello'>Anterior<\/a><a href='#next' class='next-slide' aria-hidden='true' data-av_icon='\ue87d' data-av_iconfont='entypo-fontello'>Seg\u00fcent<\/a><\/div><\/div><\/p><\/div><div class=\"flex_column av_one_third  flex_column_div   \" ><p><div style='padding-bottom:0px; ' class='av-special-heading av-special-heading-h4     '><h4 class='av-special-heading-tag '  itemprop=\"headline\"  >Blog<\/h4><div class='special-heading-border'><div class='special-heading-inner-border' ><\/div><\/div><\/div><br \/>\n<div  data-autoplay=''  data-interval='5'  data-animation='fade'  data-show_slide_delay='90'  class='avia-content-slider avia-content-slider-active avia-content-slider2 avia-content-slider-odd  '  itemscope=\"itemscope\" itemtype=\"https:\/\/schema.org\/Blog\" ><div class='avia-content-slider-inner'><div class='slide-entry-wrap'><article class='slide-entry flex_column  post-entry post-entry-9909 slide-entry-overview slide-loop-1 slide-parity-odd  av_fullwidth first real-thumbnail'  itemscope=\"itemscope\" itemtype=\"https:\/\/schema.org\/BlogPosting\" itemprop=\"blogPost\" ><a href='https:\/\/palomo.net\/ca\/mesures-urgents-en-materia-social-laboral-i-docupacio-2019\/' data-rel='slide-2' class='slide-image' title=''><img decoding=\"async\" width=\"401\" height=\"125\" data-src=\"https:\/\/palomo.net\/wp-content\/uploads\/MEDIAS-MATERIA-LABORAL-Y-DE-EMPLEO-2019.jpg\" class=\"attachment-large size-large wp-post-image lazyload\" alt=\"\" data-srcset=\"https:\/\/palomo.net\/wp-content\/uploads\/MEDIAS-MATERIA-LABORAL-Y-DE-EMPLEO-2019.jpg 401w, https:\/\/palomo.net\/wp-content\/uploads\/MEDIAS-MATERIA-LABORAL-Y-DE-EMPLEO-2019-300x94.jpg 300w\" data-sizes=\"(max-width: 401px) 100vw, 401px\" src=\"data:image\/svg+xml;base64,PHN2ZyB3aWR0aD0iMSIgaGVpZ2h0PSIxIiB4bWxucz0iaHR0cDovL3d3dy53My5vcmcvMjAwMC9zdmciPjwvc3ZnPg==\" style=\"--smush-placeholder-width: 401px; --smush-placeholder-aspect-ratio: 401\/125;\" \/><\/a><div class='slide-content'><header class=\"entry-content-header\"><h3 class='slide-entry-title entry-title'  itemprop=\"headline\" ><a href='https:\/\/palomo.net\/ca\/mesures-urgents-en-materia-social-laboral-i-docupacio-2019\/' title='MESURES URGENTS EN MAT\u00c8RIA SOCIAL, LABORAL I D&#039;OCUPACI\u00d3 2019'>MESURES URGENTS EN MAT\u00c8RIA SOCIAL, LABORAL I D'OCUPACI\u00d3 2019<\/a><\/h3><span class=\"av-vertical-delimiter\"><\/span><\/header><div class='slide-meta'><div class='slide-meta-comments'><a href='https:\/\/palomo.net\/ca\/mesures-urgents-en-materia-social-laboral-i-docupacio-2019\/#respond'>0 Comments<\/a><\/div><div class='slide-meta-del'>\/<\/div><time class='slide-meta-time updated'  itemprop=\"datePublished\" datetime=\"2019-01-04T12:03:46+01:00\" >4 gener, 2019<\/time><\/div><div class='slide-entry-excerpt entry-content'  itemprop=\"text\" >No havent-se aprovat abans de l'1 de gener la Llei de Pressupostos\u2026<div class=\"read-more-link\"><a href=\"https:\/\/palomo.net\/ca\/mesures-urgents-en-materia-social-laboral-i-docupacio-2019\/\" class=\"more-link\">Llegir m\u00e9s<span class=\"more-link-arrow\"><\/span><\/a><\/div><\/div><\/div><footer class=\"entry-footer\"><\/footer><span class='hidden'>\n\t\t\t<span class='av-structured-data'  itemprop=\"ImageObject\" itemscope=\"itemscope\" itemtype=\"https:\/\/schema.org\/ImageObject\"  itemprop='image'>\n\t\t\t\t\t   <span itemprop='url' >https:\/\/palomo.net\/wp-content\/uploads\/MEDIAS-MATERIA-LABORAL-Y-DE-EMPLEO-2019.jpg<\/span>\n\t\t\t\t\t   <span itemprop='height' >125<\/span>\n\t\t\t\t\t   <span itemprop='width' >401<\/span>\n\t\t\t\t  <\/span><span class='av-structured-data'  itemprop=\"publisher\" itemtype=\"https:\/\/schema.org\/Organization\" itemscope=\"itemscope\" >\n\t\t\t\t<span itemprop='name'>Palomo Consultors<\/span>\n\t\t\t\t<span itemprop='logo' itemscope itemtype='http:\/\/schema.org\/ImageObject'>\n\t\t\t\t   <span itemprop='url'>https:\/\/palomo.net\/wp-content\/uploads\/logo-palomo-assessors-50.jpg<\/span>\n\t\t\t\t <\/span>\n\t\t\t  <\/span><span class='av-structured-data'  itemprop=\"author\" itemscope=\"itemscope\" itemtype=\"https:\/\/schema.org\/Person\" ><span itemprop='name'>Palomo Consultors<\/span><\/span><span class='av-structured-data'  itemprop=\"datePublished\" datetime=\"2018-11-14T13:45:09+01:00\" >2019-01-04 12:03:46<\/span><span class='av-structured-data'  itemprop=\"dateModified\" itemtype=\"https:\/\/schema.org\/dateModified\" >2019-01-04 12:49:03<\/span><span class='av-structured-data'  itemprop=\"mainEntityOfPage\" itemtype=\"https:\/\/schema.org\/mainEntityOfPage\" ><span itemprop='name'>MESURES URGENTS EN MAT\u00c8RIA SOCIAL, LABORAL I D'OCUPACI\u00d3 2019<\/span><\/span><\/span><\/article><\/div><div class='slide-entry-wrap'><article class='slide-entry flex_column  post-entry post-entry-9833 slide-entry-overview slide-loop-2 slide-parity-odd  av_fullwidth first real-thumbnail'  itemscope=\"itemscope\" itemtype=\"https:\/\/schema.org\/BlogPosting\" itemprop=\"blogPost\" ><a href='https:\/\/palomo.net\/ca\/servei-fiscal-a-tortosa\/' data-rel='slide-2' class='slide-image' title=''><img decoding=\"async\" width=\"1030\" height=\"539\" data-src=\"https:\/\/palomo.net\/wp-content\/uploads\/servei-fiscal-palomo-1030x539.jpg\" class=\"attachment-large size-large wp-post-image lazyload\" alt=\"\" data-srcset=\"https:\/\/palomo.net\/wp-content\/uploads\/servei-fiscal-palomo-1030x539.jpg 1030w, https:\/\/palomo.net\/wp-content\/uploads\/servei-fiscal-palomo-300x157.jpg 300w, https:\/\/palomo.net\/wp-content\/uploads\/servei-fiscal-palomo-768x402.jpg 768w, https:\/\/palomo.net\/wp-content\/uploads\/servei-fiscal-palomo-705x369.jpg 705w, https:\/\/palomo.net\/wp-content\/uploads\/servei-fiscal-palomo-450x236.jpg 450w, https:\/\/palomo.net\/wp-content\/uploads\/servei-fiscal-palomo.jpg 1200w\" data-sizes=\"(max-width: 1030px) 100vw, 1030px\" src=\"data:image\/svg+xml;base64,PHN2ZyB3aWR0aD0iMSIgaGVpZ2h0PSIxIiB4bWxucz0iaHR0cDovL3d3dy53My5vcmcvMjAwMC9zdmciPjwvc3ZnPg==\" style=\"--smush-placeholder-width: 1030px; --smush-placeholder-aspect-ratio: 1030\/539;\" \/><\/a><div class='slide-content'><header class=\"entry-content-header\"><h3 class='slide-entry-title entry-title'  itemprop=\"headline\" ><a href='https:\/\/palomo.net\/ca\/servei-fiscal-a-tortosa\/' title='SERVEI FISCAL A TORTOSA'>SERVEI FISCAL A TORTOSA<\/a><\/h3><span class=\"av-vertical-delimiter\"><\/span><\/header><div class='slide-meta'><div class='slide-meta-comments'><a href='https:\/\/palomo.net\/ca\/servei-fiscal-a-tortosa\/#respond'>0 Comments<\/a><\/div><div class='slide-meta-del'>\/<\/div><time class='slide-meta-time updated'  itemprop=\"datePublished\" datetime=\"2018-12-18T12:34:28+01:00\" >18 desembre, 2018<\/time><\/div><div class='slide-entry-excerpt entry-content'  itemprop=\"text\" >Confian\u00e7a, experi\u00e8ncia, proximitat i seguretat. El servei fiscal\u2026<div class=\"read-more-link\"><a href=\"https:\/\/palomo.net\/ca\/servei-fiscal-a-tortosa\/\" class=\"more-link\">Llegir m\u00e9s<span class=\"more-link-arrow\"><\/span><\/a><\/div><\/div><\/div><footer class=\"entry-footer\"><\/footer><span class='hidden'>\n\t\t\t<span class='av-structured-data'  itemprop=\"ImageObject\" itemscope=\"itemscope\" itemtype=\"https:\/\/schema.org\/ImageObject\"  itemprop='image'>\n\t\t\t\t\t   <span itemprop='url' >https:\/\/palomo.net\/wp-content\/uploads\/servei-fiscal-palomo.jpg<\/span>\n\t\t\t\t\t   <span itemprop='height' >628<\/span>\n\t\t\t\t\t   <span itemprop='width' >1200<\/span>\n\t\t\t\t  <\/span><span class='av-structured-data'  itemprop=\"publisher\" itemtype=\"https:\/\/schema.org\/Organization\" itemscope=\"itemscope\" >\n\t\t\t\t<span itemprop='name'>Palomo Consultors<\/span>\n\t\t\t\t<span itemprop='logo' itemscope itemtype='http:\/\/schema.org\/ImageObject'>\n\t\t\t\t   <span itemprop='url'>https:\/\/palomo.net\/wp-content\/uploads\/logo-palomo-assessors-50.jpg<\/span>\n\t\t\t\t <\/span>\n\t\t\t  <\/span><span class='av-structured-data'  itemprop=\"author\" itemscope=\"itemscope\" itemtype=\"https:\/\/schema.org\/Person\" ><span itemprop='name'>Palomo Consultors<\/span><\/span><span class='av-structured-data'  itemprop=\"datePublished\" datetime=\"2018-11-14T13:45:09+01:00\" >2018-12-18 12:34:28<\/span><span class='av-structured-data'  itemprop=\"dateModified\" itemtype=\"https:\/\/schema.org\/dateModified\" >2018-12-18 13:26:26<\/span><span class='av-structured-data'  itemprop=\"mainEntityOfPage\" itemtype=\"https:\/\/schema.org\/mainEntityOfPage\" ><span itemprop='name'>SERVEI FISCAL A TORTOSA<\/span><\/span><\/span><\/article><\/div><div class='slide-entry-wrap'><article class='slide-entry flex_column  post-entry post-entry-9809 slide-entry-overview slide-loop-3 slide-parity-odd  av_fullwidth first real-thumbnail'  itemscope=\"itemscope\" itemtype=\"https:\/\/schema.org\/BlogPosting\" itemprop=\"blogPost\" ><a href='https:\/\/palomo.net\/ca\/sera-de-obligacion-de-la-empresa-registrar-la-jornada-de-cada-trabajador\/' data-rel='slide-2' class='slide-image' title=''><img decoding=\"async\" width=\"275\" height=\"183\" data-src=\"https:\/\/palomo.net\/wp-content\/uploads\/registro-horas.jpg\" class=\"attachment-large size-large wp-post-image lazyload\" alt=\"\" src=\"data:image\/svg+xml;base64,PHN2ZyB3aWR0aD0iMSIgaGVpZ2h0PSIxIiB4bWxucz0iaHR0cDovL3d3dy53My5vcmcvMjAwMC9zdmciPjwvc3ZnPg==\" style=\"--smush-placeholder-width: 275px; --smush-placeholder-aspect-ratio: 275\/183;\" \/><\/a><div class='slide-content'><header class=\"entry-content-header\"><h3 class='slide-entry-title entry-title'  itemprop=\"headline\" ><a href='https:\/\/palomo.net\/ca\/sera-de-obligacion-de-la-empresa-registrar-la-jornada-de-cada-trabajador\/' title='SER\u00c1 DE OBLIGACI\u00d3N DE LA EMPRESA REGISTRAR LA JORNADA DE CADA TRABAJADOR'>SER\u00c1 DE OBLIGACI\u00d3N DE LA EMPRESA REGISTRAR LA JORNADA DE CADA TRABAJADOR<\/a><\/h3><span class=\"av-vertical-delimiter\"><\/span><\/header><div class='slide-meta'><div class='slide-meta-comments'><a href='https:\/\/palomo.net\/ca\/sera-de-obligacion-de-la-empresa-registrar-la-jornada-de-cada-trabajador\/#respond'>0 Comments<\/a><\/div><div class='slide-meta-del'>\/<\/div><time class='slide-meta-time updated'  itemprop=\"datePublished\" datetime=\"2018-11-28T14:39:36+01:00\" >28 novembre, 2018<\/time><\/div><div class='slide-entry-excerpt entry-content'  itemprop=\"text\" >El Ministerio de Trabajo ha enviado a los sindicatos y empresarios\u2026<div class=\"read-more-link\"><a href=\"https:\/\/palomo.net\/ca\/sera-de-obligacion-de-la-empresa-registrar-la-jornada-de-cada-trabajador\/\" class=\"more-link\">Llegir m\u00e9s<span class=\"more-link-arrow\"><\/span><\/a><\/div><\/div><\/div><footer class=\"entry-footer\"><\/footer><span class='hidden'>\n\t\t\t<span class='av-structured-data'  itemprop=\"ImageObject\" itemscope=\"itemscope\" itemtype=\"https:\/\/schema.org\/ImageObject\"  itemprop='image'>\n\t\t\t\t\t   <span itemprop='url' >https:\/\/palomo.net\/wp-content\/uploads\/registro-horas.jpg<\/span>\n\t\t\t\t\t   <span itemprop='height' >183<\/span>\n\t\t\t\t\t   <span itemprop='width' >275<\/span>\n\t\t\t\t  <\/span><span class='av-structured-data'  itemprop=\"publisher\" itemtype=\"https:\/\/schema.org\/Organization\" itemscope=\"itemscope\" >\n\t\t\t\t<span itemprop='name'>Palomo Consultors<\/span>\n\t\t\t\t<span itemprop='logo' itemscope itemtype='http:\/\/schema.org\/ImageObject'>\n\t\t\t\t   <span itemprop='url'>https:\/\/palomo.net\/wp-content\/uploads\/logo-palomo-assessors-50.jpg<\/span>\n\t\t\t\t <\/span>\n\t\t\t  <\/span><span class='av-structured-data'  itemprop=\"author\" itemscope=\"itemscope\" itemtype=\"https:\/\/schema.org\/Person\" ><span itemprop='name'>Palomo Consultors<\/span><\/span><span class='av-structured-data'  itemprop=\"datePublished\" datetime=\"2018-11-14T13:45:09+01:00\" >2018-11-28 14:39:36<\/span><span class='av-structured-data'  itemprop=\"dateModified\" itemtype=\"https:\/\/schema.org\/dateModified\" >2018-11-28 14:39:36<\/span><span class='av-structured-data'  itemprop=\"mainEntityOfPage\" itemtype=\"https:\/\/schema.org\/mainEntityOfPage\" ><span itemprop='name'>SER\u00c1 DE OBLIGACI\u00d3N DE LA EMPRESA REGISTRAR LA JORNADA DE CADA TRABAJADOR<\/span><\/span><\/span><\/article><\/div><div class='slide-entry-wrap'><article class='slide-entry flex_column  post-entry post-entry-9703 slide-entry-overview slide-loop-4 slide-parity-odd  post-entry-last  av_fullwidth first real-thumbnail'  itemscope=\"itemscope\" itemtype=\"https:\/\/schema.org\/BlogPosting\" itemprop=\"blogPost\" ><a href='https:\/\/palomo.net\/ca\/tecnicas-de-reclutamiento-de-personal-que-marcaran-el-2019\/' data-rel='slide-2' class='slide-image' title=''><img decoding=\"async\" width=\"680\" height=\"530\" data-src=\"https:\/\/palomo.net\/wp-content\/uploads\/T\u00c9CNICAS-RECLUTAMIENTO.png\" class=\"attachment-large size-large wp-post-image lazyload\" alt=\"\" data-srcset=\"https:\/\/palomo.net\/wp-content\/uploads\/T\u00c9CNICAS-RECLUTAMIENTO.png 680w, https:\/\/palomo.net\/wp-content\/uploads\/T\u00c9CNICAS-RECLUTAMIENTO-300x234.png 300w, https:\/\/palomo.net\/wp-content\/uploads\/T\u00c9CNICAS-RECLUTAMIENTO-450x351.png 450w\" data-sizes=\"(max-width: 680px) 100vw, 680px\" src=\"data:image\/svg+xml;base64,PHN2ZyB3aWR0aD0iMSIgaGVpZ2h0PSIxIiB4bWxucz0iaHR0cDovL3d3dy53My5vcmcvMjAwMC9zdmciPjwvc3ZnPg==\" style=\"--smush-placeholder-width: 680px; --smush-placeholder-aspect-ratio: 680\/530;\" \/><\/a><div class='slide-content'><header class=\"entry-content-header\"><h3 class='slide-entry-title entry-title'  itemprop=\"headline\" ><a href='https:\/\/palomo.net\/ca\/tecnicas-de-reclutamiento-de-personal-que-marcaran-el-2019\/' title='T\u00c9CNICAS DE RECLUTAMIENTO DE PERSONAL QUE MARCAR\u00c1N EL 2019'>T\u00c9CNICAS DE RECLUTAMIENTO DE PERSONAL QUE MARCAR\u00c1N EL 2019<\/a><\/h3><span class=\"av-vertical-delimiter\"><\/span><\/header><div class='slide-meta'><div class='slide-meta-comments'><a href='https:\/\/palomo.net\/ca\/tecnicas-de-reclutamiento-de-personal-que-marcaran-el-2019\/#respond'>0 Comments<\/a><\/div><div class='slide-meta-del'>\/<\/div><time class='slide-meta-time updated'  itemprop=\"datePublished\" datetime=\"2018-11-14T13:45:09+01:00\" >14 novembre, 2018<\/time><\/div><div class='slide-entry-excerpt entry-content'  itemprop=\"text\" >\r\n\r\n\r\n\r\n\r\n\r\n\r\nInvestigando las corrientes que siguen las empresas\u2026<div class=\"read-more-link\"><a href=\"https:\/\/palomo.net\/ca\/tecnicas-de-reclutamiento-de-personal-que-marcaran-el-2019\/\" class=\"more-link\">Llegir m\u00e9s<span class=\"more-link-arrow\"><\/span><\/a><\/div><\/div><\/div><footer class=\"entry-footer\"><\/footer><span class='hidden'>\n\t\t\t<span class='av-structured-data'  itemprop=\"ImageObject\" itemscope=\"itemscope\" itemtype=\"https:\/\/schema.org\/ImageObject\"  itemprop='image'>\n\t\t\t\t\t   <span itemprop='url' >https:\/\/palomo.net\/wp-content\/uploads\/T\u00c9CNICAS-RECLUTAMIENTO.png<\/span>\n\t\t\t\t\t   <span itemprop='height' >530<\/span>\n\t\t\t\t\t   <span itemprop='width' >680<\/span>\n\t\t\t\t  <\/span><span class='av-structured-data'  itemprop=\"publisher\" itemtype=\"https:\/\/schema.org\/Organization\" itemscope=\"itemscope\" >\n\t\t\t\t<span itemprop='name'>Palomo Consultors<\/span>\n\t\t\t\t<span itemprop='logo' itemscope itemtype='http:\/\/schema.org\/ImageObject'>\n\t\t\t\t   <span itemprop='url'>https:\/\/palomo.net\/wp-content\/uploads\/logo-palomo-assessors-50.jpg<\/span>\n\t\t\t\t <\/span>\n\t\t\t  <\/span><span class='av-structured-data'  itemprop=\"author\" itemscope=\"itemscope\" itemtype=\"https:\/\/schema.org\/Person\" ><span itemprop='name'>Palomo Consultors<\/span><\/span><span class='av-structured-data'  itemprop=\"datePublished\" datetime=\"2018-11-14T13:45:09+01:00\" >2018-11-14 13:45:09<\/span><span class='av-structured-data'  itemprop=\"dateModified\" itemtype=\"https:\/\/schema.org\/dateModified\" >2018-11-14 13:45:09<\/span><span class='av-structured-data'  itemprop=\"mainEntityOfPage\" itemtype=\"https:\/\/schema.org\/mainEntityOfPage\" ><span itemprop='name'>T\u00c9CNICAS DE RECLUTAMIENTO DE PERSONAL QUE MARCAR\u00c1N EL 2019<\/span><\/span><\/span><\/article><\/div><\/div><div class='avia-slideshow-arrows avia-slideshow-controls'><a href='#prev' class='prev-slide' aria-hidden='true' data-av_icon='\ue87c' data-av_iconfont='entypo-fontello'>Anterior<\/a><a href='#next' class='next-slide' aria-hidden='true' data-av_icon='\ue87d' data-av_iconfont='entypo-fontello'>Seg\u00fcent<\/a><\/div><\/div><\/p><\/div><div class=\"flex_column av_one_third  flex_column_div   \" ><p><div style='padding-bottom:0px; ' class='av-special-heading av-special-heading-h4     '><h4 class='av-special-heading-tag '  itemprop=\"headline\"  >Cursos<\/h4><div class='special-heading-border'><div class='special-heading-inner-border' ><\/div><\/div><\/div><br \/>\n<div  data-autoplay=''  data-interval='5'  data-animation='fade'  data-show_slide_delay='90'  class='avia-content-slider avia-content-slider-active avia-content-slider3 avia-content-slider-odd  '  itemscope=\"itemscope\" itemtype=\"https:\/\/schema.org\/Blog\" ><div class='avia-content-slider-inner'><div class='slide-entry-wrap'><article class='slide-entry flex_column  post-entry post-entry-10314 slide-entry-overview slide-loop-1 slide-parity-odd  av_fullwidth first real-thumbnail'  itemscope=\"itemscope\" itemtype=\"https:\/\/schema.org\/BlogPosting\" itemprop=\"blogPost\" ><a href='https:\/\/palomo.net\/ca\/cinco-barreras-que-dificultan-la-innovacion\/' data-rel='slide-3' class='slide-image' title=''><img decoding=\"async\" width=\"300\" height=\"168\" data-src=\"https:\/\/palomo.net\/wp-content\/uploads\/INNOVACI\u00d3N.jpg\" class=\"attachment-large size-large wp-post-image lazyload\" alt=\"\" src=\"data:image\/svg+xml;base64,PHN2ZyB3aWR0aD0iMSIgaGVpZ2h0PSIxIiB4bWxucz0iaHR0cDovL3d3dy53My5vcmcvMjAwMC9zdmciPjwvc3ZnPg==\" style=\"--smush-placeholder-width: 300px; --smush-placeholder-aspect-ratio: 300\/168;\" \/><\/a><div class='slide-content'><header class=\"entry-content-header\"><h3 class='slide-entry-title entry-title'  itemprop=\"headline\" ><a href='https:\/\/palomo.net\/ca\/cinco-barreras-que-dificultan-la-innovacion\/' title='CINCO BARRERAS QUE DIFICULTAN LA INNOVACI\u00d3N'>CINCO BARRERAS QUE DIFICULTAN LA INNOVACI\u00d3N<\/a><\/h3><span class=\"av-vertical-delimiter\"><\/span><\/header><div class='slide-meta'><div class='slide-meta-comments'><a href='https:\/\/palomo.net\/ca\/cinco-barreras-que-dificultan-la-innovacion\/#respond'>0 Comments<\/a><\/div><div class='slide-meta-del'>\/<\/div><time class='slide-meta-time updated'  itemprop=\"datePublished\" datetime=\"2019-05-29T17:21:30+02:00\" >29 maig, 2019<\/time><\/div><div class='slide-entry-excerpt entry-content'  itemprop=\"text\" >\r\n\r\n\r\n\r\n\r\n\r\n\r\nEl miedo cotidiano, la desvinculaci\u00f3n con el prop\u00f3sito,\u2026<div class=\"read-more-link\"><a href=\"https:\/\/palomo.net\/ca\/cinco-barreras-que-dificultan-la-innovacion\/\" class=\"more-link\">Llegir m\u00e9s<span class=\"more-link-arrow\"><\/span><\/a><\/div><\/div><\/div><footer class=\"entry-footer\"><\/footer><span class='hidden'>\n\t\t\t<span class='av-structured-data'  itemprop=\"ImageObject\" itemscope=\"itemscope\" itemtype=\"https:\/\/schema.org\/ImageObject\"  itemprop='image'>\n\t\t\t\t\t   <span itemprop='url' >https:\/\/palomo.net\/wp-content\/uploads\/INNOVACI\u00d3N.jpg<\/span>\n\t\t\t\t\t   <span itemprop='height' >168<\/span>\n\t\t\t\t\t   <span itemprop='width' >300<\/span>\n\t\t\t\t  <\/span><span class='av-structured-data'  itemprop=\"publisher\" itemtype=\"https:\/\/schema.org\/Organization\" itemscope=\"itemscope\" >\n\t\t\t\t<span itemprop='name'>Palomo Consultors<\/span>\n\t\t\t\t<span itemprop='logo' itemscope itemtype='http:\/\/schema.org\/ImageObject'>\n\t\t\t\t   <span itemprop='url'>https:\/\/palomo.net\/wp-content\/uploads\/logo-palomo-assessors-50.jpg<\/span>\n\t\t\t\t <\/span>\n\t\t\t  <\/span><span class='av-structured-data'  itemprop=\"author\" itemscope=\"itemscope\" itemtype=\"https:\/\/schema.org\/Person\" ><span itemprop='name'>Palomo Consultors<\/span><\/span><span class='av-structured-data'  itemprop=\"datePublished\" datetime=\"2018-12-18T11:32:45+01:00\" >2019-05-29 17:21:30<\/span><span class='av-structured-data'  itemprop=\"dateModified\" itemtype=\"https:\/\/schema.org\/dateModified\" >2019-05-29 17:22:00<\/span><span class='av-structured-data'  itemprop=\"mainEntityOfPage\" itemtype=\"https:\/\/schema.org\/mainEntityOfPage\" ><span itemprop='name'>CINCO BARRERAS QUE DIFICULTAN LA INNOVACI\u00d3N<\/span><\/span><\/span><\/article><\/div><div class='slide-entry-wrap'><article class='slide-entry flex_column  post-entry post-entry-10052 slide-entry-overview slide-loop-2 slide-parity-odd  av_fullwidth first real-thumbnail'  itemscope=\"itemscope\" itemtype=\"https:\/\/schema.org\/BlogPosting\" itemprop=\"blogPost\" ><a href='https:\/\/palomo.net\/ca\/que-nos-deparara-2019-en-el-ambito-laboral\/' data-rel='slide-3' class='slide-image' title=''><img decoding=\"async\" width=\"1030\" height=\"687\" data-src=\"https:\/\/palomo.net\/wp-content\/uploads\/CAMBIOS-LABORAL-2019-CUATRECASAS-1030x687.jpg\" class=\"attachment-large size-large wp-post-image lazyload\" alt=\"\" data-srcset=\"https:\/\/palomo.net\/wp-content\/uploads\/CAMBIOS-LABORAL-2019-CUATRECASAS-1030x687.jpg 1030w, https:\/\/palomo.net\/wp-content\/uploads\/CAMBIOS-LABORAL-2019-CUATRECASAS-300x200.jpg 300w, https:\/\/palomo.net\/wp-content\/uploads\/CAMBIOS-LABORAL-2019-CUATRECASAS-768x512.jpg 768w, https:\/\/palomo.net\/wp-content\/uploads\/CAMBIOS-LABORAL-2019-CUATRECASAS-1500x1001.jpg 1500w, https:\/\/palomo.net\/wp-content\/uploads\/CAMBIOS-LABORAL-2019-CUATRECASAS-705x470.jpg 705w, https:\/\/palomo.net\/wp-content\/uploads\/CAMBIOS-LABORAL-2019-CUATRECASAS-450x300.jpg 450w, https:\/\/palomo.net\/wp-content\/uploads\/CAMBIOS-LABORAL-2019-CUATRECASAS.jpg 1920w\" data-sizes=\"(max-width: 1030px) 100vw, 1030px\" src=\"data:image\/svg+xml;base64,PHN2ZyB3aWR0aD0iMSIgaGVpZ2h0PSIxIiB4bWxucz0iaHR0cDovL3d3dy53My5vcmcvMjAwMC9zdmciPjwvc3ZnPg==\" style=\"--smush-placeholder-width: 1030px; --smush-placeholder-aspect-ratio: 1030\/687;\" \/><\/a><div class='slide-content'><header class=\"entry-content-header\"><h3 class='slide-entry-title entry-title'  itemprop=\"headline\" ><a href='https:\/\/palomo.net\/ca\/que-nos-deparara-2019-en-el-ambito-laboral\/' title='\u00bfQU\u00c9 NOS DEPARAR\u00c1 2019 EN EL \u00c1MBITO LABORAL?'>\u00bfQU\u00c9 NOS DEPARAR\u00c1 2019 EN EL \u00c1MBITO LABORAL?<\/a><\/h3><span class=\"av-vertical-delimiter\"><\/span><\/header><div class='slide-meta'><div class='slide-meta-comments'><a href='https:\/\/palomo.net\/ca\/que-nos-deparara-2019-en-el-ambito-laboral\/#respond'>0 Comments<\/a><\/div><div class='slide-meta-del'>\/<\/div><time class='slide-meta-time updated'  itemprop=\"datePublished\" datetime=\"2019-02-11T12:35:36+01:00\" >11 febrer, 2019<\/time><\/div><div class='slide-entry-excerpt entry-content'  itemprop=\"text\" >\r\n\r\n\r\n\r\n\r\n\r\n\r\n\r\nPreve\u00edamos que 2018 vendr\u00eda cargado de novedades\u2026<div class=\"read-more-link\"><a href=\"https:\/\/palomo.net\/ca\/que-nos-deparara-2019-en-el-ambito-laboral\/\" class=\"more-link\">Llegir m\u00e9s<span class=\"more-link-arrow\"><\/span><\/a><\/div><\/div><\/div><footer class=\"entry-footer\"><\/footer><span class='hidden'>\n\t\t\t<span class='av-structured-data'  itemprop=\"ImageObject\" itemscope=\"itemscope\" itemtype=\"https:\/\/schema.org\/ImageObject\"  itemprop='image'>\n\t\t\t\t\t   <span itemprop='url' >https:\/\/palomo.net\/wp-content\/uploads\/CAMBIOS-LABORAL-2019-CUATRECASAS.jpg<\/span>\n\t\t\t\t\t   <span itemprop='height' >1281<\/span>\n\t\t\t\t\t   <span itemprop='width' >1920<\/span>\n\t\t\t\t  <\/span><span class='av-structured-data'  itemprop=\"publisher\" itemtype=\"https:\/\/schema.org\/Organization\" itemscope=\"itemscope\" >\n\t\t\t\t<span itemprop='name'>Palomo Consultors<\/span>\n\t\t\t\t<span itemprop='logo' itemscope itemtype='http:\/\/schema.org\/ImageObject'>\n\t\t\t\t   <span itemprop='url'>https:\/\/palomo.net\/wp-content\/uploads\/logo-palomo-assessors-50.jpg<\/span>\n\t\t\t\t <\/span>\n\t\t\t  <\/span><span class='av-structured-data'  itemprop=\"author\" itemscope=\"itemscope\" itemtype=\"https:\/\/schema.org\/Person\" ><span itemprop='name'>Palomo Consultors<\/span><\/span><span class='av-structured-data'  itemprop=\"datePublished\" datetime=\"2018-12-18T11:32:45+01:00\" >2019-02-11 12:35:36<\/span><span class='av-structured-data'  itemprop=\"dateModified\" itemtype=\"https:\/\/schema.org\/dateModified\" >2019-02-22 14:06:17<\/span><span class='av-structured-data'  itemprop=\"mainEntityOfPage\" itemtype=\"https:\/\/schema.org\/mainEntityOfPage\" ><span itemprop='name'>\u00bfQU\u00c9 NOS DEPARAR\u00c1 2019 EN EL \u00c1MBITO LABORAL?<\/span><\/span><\/span><\/article><\/div><div class='slide-entry-wrap'><article class='slide-entry flex_column  post-entry post-entry-9996 slide-entry-overview slide-loop-3 slide-parity-odd  av_fullwidth first real-thumbnail'  itemscope=\"itemscope\" itemtype=\"https:\/\/schema.org\/BlogPosting\" itemprop=\"blogPost\" ><a href='https:\/\/palomo.net\/ca\/la-era-de-la-inteligencia-artificial-las-4-habilidades-que-necesitas-para-dominarla\/' data-rel='slide-3' class='slide-image' title=''><img decoding=\"async\" width=\"480\" height=\"260\" data-src=\"https:\/\/palomo.net\/wp-content\/uploads\/inteligencia-artificial.jpg\" class=\"attachment-large size-large wp-post-image lazyload\" alt=\"\" data-srcset=\"https:\/\/palomo.net\/wp-content\/uploads\/inteligencia-artificial.jpg 480w, https:\/\/palomo.net\/wp-content\/uploads\/inteligencia-artificial-300x163.jpg 300w, https:\/\/palomo.net\/wp-content\/uploads\/inteligencia-artificial-450x244.jpg 450w\" data-sizes=\"(max-width: 480px) 100vw, 480px\" src=\"data:image\/svg+xml;base64,PHN2ZyB3aWR0aD0iMSIgaGVpZ2h0PSIxIiB4bWxucz0iaHR0cDovL3d3dy53My5vcmcvMjAwMC9zdmciPjwvc3ZnPg==\" style=\"--smush-placeholder-width: 480px; --smush-placeholder-aspect-ratio: 480\/260;\" \/><\/a><div class='slide-content'><header class=\"entry-content-header\"><h3 class='slide-entry-title entry-title'  itemprop=\"headline\" ><a href='https:\/\/palomo.net\/ca\/la-era-de-la-inteligencia-artificial-las-4-habilidades-que-necesitas-para-dominarla\/' title='LA ERA DE LA INTELIGENCIA ARTIFICIAL: LAS 4 HABILIDADES QUE NECESITAS PARA DOMINARLA'>LA ERA DE LA INTELIGENCIA ARTIFICIAL: LAS 4 HABILIDADES QUE NECESITAS PARA DOMINARLA<\/a><\/h3><span class=\"av-vertical-delimiter\"><\/span><\/header><div class='slide-meta'><div class='slide-meta-comments'><a href='https:\/\/palomo.net\/ca\/la-era-de-la-inteligencia-artificial-las-4-habilidades-que-necesitas-para-dominarla\/#respond'>0 Comments<\/a><\/div><div class='slide-meta-del'>\/<\/div><time class='slide-meta-time updated'  itemprop=\"datePublished\" datetime=\"2019-01-22T16:15:39+01:00\" >22 gener, 2019<\/time><\/div><div class='slide-entry-excerpt entry-content'  itemprop=\"text\" >\r\n\r\n\r\n\r\n\r\n\r\n\r\nLa transformaci\u00f3n digital de las empresas sigue\u2026<div class=\"read-more-link\"><a href=\"https:\/\/palomo.net\/ca\/la-era-de-la-inteligencia-artificial-las-4-habilidades-que-necesitas-para-dominarla\/\" class=\"more-link\">Llegir m\u00e9s<span class=\"more-link-arrow\"><\/span><\/a><\/div><\/div><\/div><footer class=\"entry-footer\"><\/footer><span class='hidden'>\n\t\t\t<span class='av-structured-data'  itemprop=\"ImageObject\" itemscope=\"itemscope\" itemtype=\"https:\/\/schema.org\/ImageObject\"  itemprop='image'>\n\t\t\t\t\t   <span itemprop='url' >https:\/\/palomo.net\/wp-content\/uploads\/inteligencia-artificial.jpg<\/span>\n\t\t\t\t\t   <span itemprop='height' >260<\/span>\n\t\t\t\t\t   <span itemprop='width' >480<\/span>\n\t\t\t\t  <\/span><span class='av-structured-data'  itemprop=\"publisher\" itemtype=\"https:\/\/schema.org\/Organization\" itemscope=\"itemscope\" >\n\t\t\t\t<span itemprop='name'>Palomo Consultors<\/span>\n\t\t\t\t<span itemprop='logo' itemscope itemtype='http:\/\/schema.org\/ImageObject'>\n\t\t\t\t   <span itemprop='url'>https:\/\/palomo.net\/wp-content\/uploads\/logo-palomo-assessors-50.jpg<\/span>\n\t\t\t\t <\/span>\n\t\t\t  <\/span><span class='av-structured-data'  itemprop=\"author\" itemscope=\"itemscope\" itemtype=\"https:\/\/schema.org\/Person\" ><span itemprop='name'>Palomo Consultors<\/span><\/span><span class='av-structured-data'  itemprop=\"datePublished\" datetime=\"2018-12-18T11:32:45+01:00\" >2019-01-22 16:15:39<\/span><span class='av-structured-data'  itemprop=\"dateModified\" itemtype=\"https:\/\/schema.org\/dateModified\" >2019-01-22 16:21:22<\/span><span class='av-structured-data'  itemprop=\"mainEntityOfPage\" itemtype=\"https:\/\/schema.org\/mainEntityOfPage\" ><span itemprop='name'>LA ERA DE LA INTELIGENCIA ARTIFICIAL: LAS 4 HABILIDADES QUE NECESITAS PARA DOMINARLA<\/span><\/span><\/span><\/article><\/div><div class='slide-entry-wrap'><article class='slide-entry flex_column  post-entry post-entry-9826 slide-entry-overview slide-loop-4 slide-parity-odd  post-entry-last  av_fullwidth first real-thumbnail'  itemscope=\"itemscope\" itemtype=\"https:\/\/schema.org\/BlogPosting\" itemprop=\"blogPost\" ><a href='https:\/\/palomo.net\/ca\/el-equipo-de-palomo-consultors-os-desea-feliz-navidad-y-un-exitoso-ano-2019\/' data-rel='slide-3' class='slide-image' title=''><img decoding=\"async\" width=\"629\" height=\"1030\" data-src=\"https:\/\/palomo.net\/wp-content\/uploads\/FELIZ-NAVIDAD-Y-PR\u00d3SPERO-A\u00d1O-NUEVO-2109-629x1030.jpg\" class=\"attachment-large size-large wp-post-image lazyload\" alt=\"\" data-srcset=\"https:\/\/palomo.net\/wp-content\/uploads\/FELIZ-NAVIDAD-Y-PR\u00d3SPERO-A\u00d1O-NUEVO-2109-629x1030.jpg 629w, https:\/\/palomo.net\/wp-content\/uploads\/FELIZ-NAVIDAD-Y-PR\u00d3SPERO-A\u00d1O-NUEVO-2109-183x300.jpg 183w, https:\/\/palomo.net\/wp-content\/uploads\/FELIZ-NAVIDAD-Y-PR\u00d3SPERO-A\u00d1O-NUEVO-2109-768x1257.jpg 768w, https:\/\/palomo.net\/wp-content\/uploads\/FELIZ-NAVIDAD-Y-PR\u00d3SPERO-A\u00d1O-NUEVO-2109-431x705.jpg 431w, https:\/\/palomo.net\/wp-content\/uploads\/FELIZ-NAVIDAD-Y-PR\u00d3SPERO-A\u00d1O-NUEVO-2109-450x737.jpg 450w, https:\/\/palomo.net\/wp-content\/uploads\/FELIZ-NAVIDAD-Y-PR\u00d3SPERO-A\u00d1O-NUEVO-2109.jpg 780w\" data-sizes=\"(max-width: 629px) 100vw, 629px\" src=\"data:image\/svg+xml;base64,PHN2ZyB3aWR0aD0iMSIgaGVpZ2h0PSIxIiB4bWxucz0iaHR0cDovL3d3dy53My5vcmcvMjAwMC9zdmciPjwvc3ZnPg==\" style=\"--smush-placeholder-width: 629px; --smush-placeholder-aspect-ratio: 629\/1030;\" \/><\/a><div class='slide-content'><header class=\"entry-content-header\"><h3 class='slide-entry-title entry-title'  itemprop=\"headline\" ><a href='https:\/\/palomo.net\/ca\/el-equipo-de-palomo-consultors-os-desea-feliz-navidad-y-un-exitoso-ano-2019\/' title='L&#039;EQUIP DE PALOMO CONSULTORS US DESITJA BONS NADALS I UN EXIT\u00d3S ANY 2019!'>L'EQUIP DE PALOMO CONSULTORS US DESITJA BONS NADALS I UN EXIT\u00d3S ANY 2019!<\/a><\/h3><span class=\"av-vertical-delimiter\"><\/span><\/header><div class='slide-meta'><div class='slide-meta-comments'><a href='https:\/\/palomo.net\/ca\/el-equipo-de-palomo-consultors-os-desea-feliz-navidad-y-un-exitoso-ano-2019\/#respond'>0 Comments<\/a><\/div><div class='slide-meta-del'>\/<\/div><time class='slide-meta-time updated'  itemprop=\"datePublished\" datetime=\"2018-12-18T11:32:45+01:00\" >18 desembre, 2018<\/time><\/div><div class='slide-entry-excerpt entry-content'  itemprop=\"text\" >\u201cLa tecnologia reinventar\u00e0 els negocis, per\u00f2 les relacions\u2026<div class=\"read-more-link\"><a href=\"https:\/\/palomo.net\/ca\/el-equipo-de-palomo-consultors-os-desea-feliz-navidad-y-un-exitoso-ano-2019\/\" class=\"more-link\">Llegir m\u00e9s<span class=\"more-link-arrow\"><\/span><\/a><\/div><\/div><\/div><footer class=\"entry-footer\"><\/footer><span class='hidden'>\n\t\t\t<span class='av-structured-data'  itemprop=\"ImageObject\" itemscope=\"itemscope\" itemtype=\"https:\/\/schema.org\/ImageObject\"  itemprop='image'>\n\t\t\t\t\t   <span itemprop='url' >https:\/\/palomo.net\/wp-content\/uploads\/FELIZ-NAVIDAD-Y-PR\u00d3SPERO-A\u00d1O-NUEVO-2109.jpg<\/span>\n\t\t\t\t\t   <span itemprop='height' >1277<\/span>\n\t\t\t\t\t   <span itemprop='width' >780<\/span>\n\t\t\t\t  <\/span><span class='av-structured-data'  itemprop=\"publisher\" itemtype=\"https:\/\/schema.org\/Organization\" itemscope=\"itemscope\" >\n\t\t\t\t<span itemprop='name'>Palomo Consultors<\/span>\n\t\t\t\t<span itemprop='logo' itemscope itemtype='http:\/\/schema.org\/ImageObject'>\n\t\t\t\t   <span itemprop='url'>https:\/\/palomo.net\/wp-content\/uploads\/logo-palomo-assessors-50.jpg<\/span>\n\t\t\t\t <\/span>\n\t\t\t  <\/span><span class='av-structured-data'  itemprop=\"author\" itemscope=\"itemscope\" itemtype=\"https:\/\/schema.org\/Person\" ><span itemprop='name'>Palomo Consultors<\/span><\/span><span class='av-structured-data'  itemprop=\"datePublished\" datetime=\"2018-12-18T11:32:45+01:00\" >2018-12-18 11:32:45<\/span><span class='av-structured-data'  itemprop=\"dateModified\" itemtype=\"https:\/\/schema.org\/dateModified\" >2018-12-18 13:29:52<\/span><span class='av-structured-data'  itemprop=\"mainEntityOfPage\" itemtype=\"https:\/\/schema.org\/mainEntityOfPage\" ><span itemprop='name'>L'EQUIP DE PALOMO CONSULTORS US DESITJA BONS NADALS I UN EXIT\u00d3S ANY 2019!<\/span><\/span><\/span><\/article><\/div><\/div><div class='avia-slideshow-arrows avia-slideshow-controls'><a href='#prev' class='prev-slide' aria-hidden='true' data-av_icon='\ue87c' data-av_iconfont='entypo-fontello'>Anterior<\/a><a href='#next' class='next-slide' aria-hidden='true' data-av_icon='\ue87d' data-av_iconfont='entypo-fontello'>Seg\u00fcent<\/a><\/div><\/div><\/p><\/div>\n<\/div><\/div><\/div><!-- close content main div --><\/div><\/div><div id='after_section_3' class='main_color av_default_container_wrap container_wrap sidebar_right'   ><div class='container' ><div class='template-page content  av-content-small alpha units'><div class='post-entry post-entry-type-page post-entry-3618'><div class='entry-content-wrapper clearfix'><\/p>\n<\/div><\/div><\/div><!-- close content main div --><\/div><\/div><div id='homeboxes2' class='avia-section main_color avia-section-no-padding avia-no-border-styling avia-bg-style-scroll   container_wrap sidebar_right' style = 'background-image: '  ><div class='container' ><div class='template-page content  av-content-small alpha units'><div class='post-entry post-entry-type-page post-entry-3618'><div class='entry-content-wrapper clearfix'>\n<div class=\"flex_column av_one_third  flex_column_div first  \" ><section class=\"av_textblock_section \"  itemscope=\"itemscope\" itemtype=\"https:\/\/schema.org\/BlogPosting\" itemprop=\"blogPost\" ><div class='avia_textblock  '   itemprop=\"text\" ><h4>\u00c0rea de clients<\/h4>\n<form action=\"http:\/\/intranet.palomo.net\/intranet\/index_clientes.php\" method=\"post\" target=\"_blank\"><label>Usuari<\/label><input name=\"login\" size=\"22\" type=\"text\" \/><br \/>\n<label>Clau<\/label><input name=\"clave\" size=\"22\" type=\"password\" \/><br \/>\n<input type=\"submit\" value=\"Accedir\" \/><\/form>\n<\/div><\/section><\/div><div class=\"flex_column av_two_third  flex_column_div   \" ><p><div style='padding-bottom:0px; ' class='av-special-heading av-special-heading-h4     '><h4 class='av-special-heading-tag '  itemprop=\"headline\"  >Borsa de treball<\/h4><div class='special-heading-border'><div class='special-heading-inner-border' ><\/div><\/div><\/div><br \/>\n<div class='avia-builder-widget-area clearfix '>\n\t\t\t<div id=\"widget_recent_jobs-3\" class=\"widget clearfix job_manager widget_recent_jobs\">\n\t\t\t\n\t\t\t<ul class=\"job_listings\">\n\n\t\t\t\t\n\t\t\t\t\t<li class=\"post-10111 job_listing type-job_listing status-publish hentry\">\n\t<a href=\"https:\/\/palomo.net\/ca\/job\/tecnic-a-comercial-interiorista-%c2%bd-jornada-a-tortosa\/\">\n\t\t\t\t<div class=\"content\">\n\t\t\t<div class=\"position\">\n\t\t\t\t<h3>INTERIORISTA-COMERCIAL, \u00bd  JORNADA, A TORTOSA<\/h3>\n\t\t\t<\/div>\n\t\t\t<ul class=\"meta\">\n\t\t\t\t<li class=\"location\">Tortosa<\/li>\n\t\t\t\t<li class=\"company\"><\/li>\n\t\t\t\t\t\t\t\t\t\t\t\t\t\t\t\t\t\t\t\t\t<\/ul>\n\t\t<\/div>\n\t<\/a>\n<\/li>\n\n\t\t\t\t\n\t\t\t\t\t<li class=\"post-7590 job_listing type-job_listing status-publish hentry job-type-full-time\">\n\t<a href=\"https:\/\/palomo.net\/ca\/job\/operarioa-almacen-carretilleroa\/\">\n\t\t\t\t<div class=\"content\">\n\t\t\t<div class=\"position\">\n\t\t\t\t<h3>OPERARIO\/A ALMAC\u00c9N CARRETILLERO\/A<\/h3>\n\t\t\t<\/div>\n\t\t\t<ul class=\"meta\">\n\t\t\t\t<li class=\"location\">Tortosa (Tarragona)<\/li>\n\t\t\t\t<li class=\"company\"><\/li>\n\t\t\t\t\t\t\t\t\t\t\t\t\t\t\t\t\t\t\t\t<li class=\"job-type full-time-ca\">Full Time<\/li>\n\t\t\t\t\t\t\t\t\t\t\t\t<\/ul>\n\t\t<\/div>\n\t<\/a>\n<\/li>\n\n\t\t\t\t\n\t\t\t<\/ul>\n\n\t\t\t<\/div>\n\t\t<\/div><\/p><\/div>\n<\/div><\/div><\/div><!-- close content main div --><\/div><\/div><div id='after_section_4' class='main_color av_default_container_wrap container_wrap sidebar_right'   ><div class='container' ><div class='template-page content  av-content-small alpha units'><div class='post-entry post-entry-type-page post-entry-3618'><div class='entry-content-wrapper clearfix'>\n<\/div><\/div><\/div><!-- close content main div --><\/div><\/div><div id='av_section_5' class='avia-section main_color avia-section-small avia-no-shadow avia-bg-style-scroll   container_wrap sidebar_right' style = 'background-color: #ffffff; background-image: '  ><div class='container' ><div class='template-page content  av-content-small alpha units'><div class='post-entry post-entry-type-page post-entry-3618'><div class='entry-content-wrapper clearfix'>\n<div style='padding-bottom:0px; ' class='av-special-heading av-special-heading-h4     '><h4 class='av-special-heading-tag '  itemprop=\"headline\"  >Alguns dels nostres clients<\/h4><div class='special-heading-border'><div class='special-heading-inner-border' ><\/div><\/div><\/div>\n<div  data-autoplay='true'  data-interval='5'  data-animation='slide'  class='avia-logo-element-container av-border-deactivate avia-logo-slider avia-content-slider avia-smallarrow-slider avia-content-slider-active noHover avia-content-slider1 avia-content-slider-odd  ' ><div class='avia-smallarrow-slider-heading  no-logo-slider-navigation  no-logo-slider-heading '><\/div><div class='avia-content-slider-inner'><div class='slide-entry-wrap' ><div  class='slide-entry flex_column no_margin post-entry slide-entry-overview slide-loop-1 slide-parity-odd  av_one_fifth first real-thumbnail'><a href='http:\/\/www.grupbalfego.com\/' data-rel='slide-1' class='slide-image' title='Web de Balfeg\u00f3 grup'  target=\"_blank\"  ><span class='av-partner-fake-img lazyload' style='padding-bottom:49.509803921569%; background-image:inherit;' data-bg-image='url(https:\/\/palomo.net\/wp-content\/uploads\/logo-balfego-grup.jpg)'><\/span><\/a><\/div><div  class='slide-entry flex_column no_margin post-entry slide-entry-overview slide-loop-2 slide-parity-even  av_one_fifth  real-thumbnail'><a href='http:\/\/www.joaquinoliva.com\/' data-rel='slide-1' class='slide-image' title='Web de Joaquin Oliva'  target=\"_blank\"  ><span class='av-partner-fake-img lazyload' style='padding-bottom:49.509803921569%; background-image:inherit;' data-bg-image='url(https:\/\/palomo.net\/wp-content\/uploads\/logo-josa-peugeot.jpg)'><\/span><\/a><\/div><div  class='slide-entry flex_column no_margin post-entry slide-entry-overview slide-loop-3 slide-parity-odd  av_one_fifth  real-thumbnail'><a href='http:\/\/www.opticasalas.com\/' data-rel='slide-1' class='slide-image' title='Web de \u00f3ptica Salas'  target=\"_blank\"  ><span class='av-partner-fake-img lazyload' style='padding-bottom:49.509803921569%; background-image:inherit;' data-bg-image='url(https:\/\/palomo.net\/wp-content\/uploads\/logo-optica-salas.jpg)'><\/span><\/a><\/div><div  class='slide-entry flex_column no_margin post-entry slide-entry-overview slide-loop-4 slide-parity-even  av_one_fifth  real-thumbnail'><a href='http:\/\/www.rehau.com' data-rel='slide-1' class='slide-image' title='Web de Rehau'  target=\"_blank\"  ><span class='av-partner-fake-img lazyload' style='padding-bottom:49.509803921569%; background-image:inherit;' data-bg-image='url(https:\/\/palomo.net\/wp-content\/uploads\/logo-rehau.jpg)'><\/span><\/a><\/div><div  class='slide-entry flex_column no_margin post-entry slide-entry-overview slide-loop-5 slide-parity-odd  av_one_fifth  real-thumbnail'><a href='http:\/\/www.ykk.es\/' data-rel='slide-1' class='slide-image' title='Web de YKK'  target=\"_blank\"  ><span class='av-partner-fake-img lazyload' style='padding-bottom:49.509803921569%; background-image:inherit;' data-bg-image='url(https:\/\/palomo.net\/wp-content\/uploads\/logo-ykk.jpg)'><\/span><\/a><\/div><\/div><div class='slide-entry-wrap' ><div  class='slide-entry flex_column no_margin post-entry slide-entry-overview slide-loop-6 slide-parity-odd  av_one_fifth first real-thumbnail'><span class='av-partner-fake-img lazyload' style='padding-bottom:49.509803921569%; background-image:inherit;' data-bg-image='url(https:\/\/palomo.net\/wp-content\/uploads\/Logotip_Captio.jpg)'><\/span><\/div><div  class='slide-entry flex_column no_margin post-entry slide-entry-overview slide-loop-7 slide-parity-even  post-entry-last  av_one_fifth  real-thumbnail'><span class='av-partner-fake-img lazyload' style='padding-bottom:49.509803921569%; background-image:inherit;' data-bg-image='url(https:\/\/palomo.net\/wp-content\/uploads\/logo-mercadona1.gif)'><\/span><\/div><\/div><\/div><\/div>\n<\/div><\/div><\/div><!-- close content main div --><\/div><\/div><div id='after_section_5' class='main_color av_default_container_wrap container_wrap sidebar_right'   ><div class='container' ><div class='template-page content  av-content-small alpha units'><div class='post-entry post-entry-type-page post-entry-3618'><div class='entry-content-wrapper clearfix'>\n","protected":false},"excerpt":{"rendered":"<p>This is a Page excerpt. It will be displayed for search results<\/p>\n","protected":false},"author":4,"featured_media":0,"parent":0,"menu_order":0,"comment_status":"open","ping_status":"open","template":"","meta":{"_monsterinsights_skip_tracking":false,"_monsterinsights_sitenote_active":false,"_monsterinsights_sitenote_note":"","_monsterinsights_sitenote_category":0,"footnotes":""},"class_list":["post-3618","page","type-page","status-publish","hentry"],"yoast_head":"<!-- This site is optimized with the Yoast SEO plugin v27.4 - https:\/\/yoast.com\/product\/yoast-seo-wordpress\/ -->\n<title>Palomo Consultors | Assessoria integral d&#039;empreses<\/title>\n<meta name=\"description\" content=\"Assessorem a professionals i empreses en els \u00e0mbits de la Gesti\u00f3 i Outsourcing Salarial, Assessorament Laboral, \u00c0rea Jur\u00eddica i RRHH i Formaci\u00f3.\" \/>\n<meta name=\"robots\" content=\"index, follow, max-snippet:-1, max-image-preview:large, max-video-preview:-1\" \/>\n<link rel=\"canonical\" href=\"https:\/\/palomo.net\/ca\/\" \/>\n<meta property=\"og:locale\" content=\"ca_ES\" \/>\n<meta property=\"og:type\" content=\"article\" \/>\n<meta property=\"og:title\" content=\"Palomo Consultors | Assessoria integral d&#039;empreses\" \/>\n<meta property=\"og:description\" content=\"Assessorem a professionals i empreses en els \u00e0mbits de la Gesti\u00f3 i Outsourcing Salarial, Assessorament Laboral, \u00c0rea Jur\u00eddica i RRHH i Formaci\u00f3.\" \/>\n<meta property=\"og:url\" content=\"https:\/\/palomo.net\/ca\/\" \/>\n<meta property=\"og:site_name\" content=\"Palomo Consultors\" \/>\n<meta property=\"article:modified_time\" content=\"2020-11-02T14:10:41+00:00\" \/>\n<meta property=\"og:image\" content=\"http:\/\/palomo.net\/wp-content\/uploads\/leer-mas.png\" \/>\n<meta name=\"twitter:card\" content=\"summary_large_image\" \/>\n<meta name=\"twitter:label1\" content=\"Temps estimat de lectura\" \/>\n\t<meta name=\"twitter:data1\" content=\"6 minuts\" \/>\n<script type=\"application\/ld+json\" class=\"yoast-schema-graph\">{\"@context\":\"https:\\\/\\\/schema.org\",\"@graph\":[{\"@type\":\"WebPage\",\"@id\":\"https:\\\/\\\/palomo.net\\\/ca\\\/\",\"url\":\"https:\\\/\\\/palomo.net\\\/ca\\\/\",\"name\":\"Palomo Consultors | Assessoria integral d'empreses\",\"isPartOf\":{\"@id\":\"https:\\\/\\\/palomo.net\\\/#website\"},\"primaryImageOfPage\":{\"@id\":\"https:\\\/\\\/palomo.net\\\/ca\\\/#primaryimage\"},\"image\":{\"@id\":\"https:\\\/\\\/palomo.net\\\/ca\\\/#primaryimage\"},\"thumbnailUrl\":\"http:\\\/\\\/palomo.net\\\/wp-content\\\/uploads\\\/leer-mas.png\",\"datePublished\":\"2013-04-01T13:37:54+00:00\",\"dateModified\":\"2020-11-02T14:10:41+00:00\",\"description\":\"Assessorem a professionals i empreses en els \u00e0mbits de la Gesti\u00f3 i Outsourcing Salarial, Assessorament Laboral, \u00c0rea Jur\u00eddica i RRHH i Formaci\u00f3.\",\"breadcrumb\":{\"@id\":\"https:\\\/\\\/palomo.net\\\/ca\\\/#breadcrumb\"},\"inLanguage\":\"ca\",\"potentialAction\":[{\"@type\":\"ReadAction\",\"target\":[\"https:\\\/\\\/palomo.net\\\/ca\\\/\"]}]},{\"@type\":\"ImageObject\",\"inLanguage\":\"ca\",\"@id\":\"https:\\\/\\\/palomo.net\\\/ca\\\/#primaryimage\",\"url\":\"http:\\\/\\\/palomo.net\\\/wp-content\\\/uploads\\\/leer-mas.png\",\"contentUrl\":\"http:\\\/\\\/palomo.net\\\/wp-content\\\/uploads\\\/leer-mas.png\"},{\"@type\":\"BreadcrumbList\",\"@id\":\"https:\\\/\\\/palomo.net\\\/ca\\\/#breadcrumb\",\"itemListElement\":[{\"@type\":\"ListItem\",\"position\":1,\"name\":\"Portada\",\"item\":\"https:\\\/\\\/palomo.net\\\/ca\\\/\"},{\"@type\":\"ListItem\",\"position\":2,\"name\":\"Inici\"}]},{\"@type\":\"WebSite\",\"@id\":\"https:\\\/\\\/palomo.net\\\/#website\",\"url\":\"https:\\\/\\\/palomo.net\\\/\",\"name\":\"Palomo Consultors\",\"description\":\"Assessors Laborales d&#039; Empresas\",\"potentialAction\":[{\"@type\":\"SearchAction\",\"target\":{\"@type\":\"EntryPoint\",\"urlTemplate\":\"https:\\\/\\\/palomo.net\\\/?s={search_term_string}\"},\"query-input\":{\"@type\":\"PropertyValueSpecification\",\"valueRequired\":true,\"valueName\":\"search_term_string\"}}],\"inLanguage\":\"ca\"}]}<\/script>\n<!-- \/ Yoast SEO plugin. -->","yoast_head_json":{"title":"Palomo Consultors | Assessoria integral d'empreses","description":"Assessorem a professionals i empreses en els \u00e0mbits de la Gesti\u00f3 i Outsourcing Salarial, Assessorament Laboral, \u00c0rea Jur\u00eddica i RRHH i Formaci\u00f3.","robots":{"index":"index","follow":"follow","max-snippet":"max-snippet:-1","max-image-preview":"max-image-preview:large","max-video-preview":"max-video-preview:-1"},"canonical":"https:\/\/palomo.net\/ca\/","og_locale":"ca_ES","og_type":"article","og_title":"Palomo Consultors | Assessoria integral d'empreses","og_description":"Assessorem a professionals i empreses en els \u00e0mbits de la Gesti\u00f3 i Outsourcing Salarial, Assessorament Laboral, \u00c0rea Jur\u00eddica i RRHH i Formaci\u00f3.","og_url":"https:\/\/palomo.net\/ca\/","og_site_name":"Palomo Consultors","article_modified_time":"2020-11-02T14:10:41+00:00","og_image":[{"url":"http:\/\/palomo.net\/wp-content\/uploads\/leer-mas.png","type":"","width":"","height":""}],"twitter_card":"summary_large_image","twitter_misc":{"Temps estimat de lectura":"6 minuts"},"schema":{"@context":"https:\/\/schema.org","@graph":[{"@type":"WebPage","@id":"https:\/\/palomo.net\/ca\/","url":"https:\/\/palomo.net\/ca\/","name":"Palomo Consultors | Assessoria integral d'empreses","isPartOf":{"@id":"https:\/\/palomo.net\/#website"},"primaryImageOfPage":{"@id":"https:\/\/palomo.net\/ca\/#primaryimage"},"image":{"@id":"https:\/\/palomo.net\/ca\/#primaryimage"},"thumbnailUrl":"http:\/\/palomo.net\/wp-content\/uploads\/leer-mas.png","datePublished":"2013-04-01T13:37:54+00:00","dateModified":"2020-11-02T14:10:41+00:00","description":"Assessorem a professionals i empreses en els \u00e0mbits de la Gesti\u00f3 i Outsourcing Salarial, Assessorament Laboral, \u00c0rea Jur\u00eddica i RRHH i Formaci\u00f3.","breadcrumb":{"@id":"https:\/\/palomo.net\/ca\/#breadcrumb"},"inLanguage":"ca","potentialAction":[{"@type":"ReadAction","target":["https:\/\/palomo.net\/ca\/"]}]},{"@type":"ImageObject","inLanguage":"ca","@id":"https:\/\/palomo.net\/ca\/#primaryimage","url":"http:\/\/palomo.net\/wp-content\/uploads\/leer-mas.png","contentUrl":"http:\/\/palomo.net\/wp-content\/uploads\/leer-mas.png"},{"@type":"BreadcrumbList","@id":"https:\/\/palomo.net\/ca\/#breadcrumb","itemListElement":[{"@type":"ListItem","position":1,"name":"Portada","item":"https:\/\/palomo.net\/ca\/"},{"@type":"ListItem","position":2,"name":"Inici"}]},{"@type":"WebSite","@id":"https:\/\/palomo.net\/#website","url":"https:\/\/palomo.net\/","name":"Palomo Consultors","description":"Assessors Laborales d&#039; Empresas","potentialAction":[{"@type":"SearchAction","target":{"@type":"EntryPoint","urlTemplate":"https:\/\/palomo.net\/?s={search_term_string}"},"query-input":{"@type":"PropertyValueSpecification","valueRequired":true,"valueName":"search_term_string"}}],"inLanguage":"ca"}]}},"_links":{"self":[{"href":"https:\/\/palomo.net\/ca\/wp-json\/wp\/v2\/pages\/3618\/"}],"collection":[{"href":"https:\/\/palomo.net\/ca\/wp-json\/wp\/v2\/pages\/"}],"about":[{"href":"https:\/\/palomo.net\/ca\/wp-json\/wp\/v2\/types\/page\/"}],"author":[{"embeddable":true,"href":"https:\/\/palomo.net\/ca\/wp-json\/wp\/v2\/users\/4\/"}],"replies":[{"embeddable":true,"href":"https:\/\/palomo.net\/ca\/wp-json\/wp\/v2\/comments\/?post=3618"}],"version-history":[{"count":45,"href":"https:\/\/palomo.net\/ca\/wp-json\/wp\/v2\/pages\/3618\/revisions\/"}],"predecessor-version":[{"id":13957,"href":"https:\/\/palomo.net\/ca\/wp-json\/wp\/v2\/pages\/3618\/revisions\/13957\/"}],"wp:attachment":[{"href":"https:\/\/palomo.net\/ca\/wp-json\/wp\/v2\/media\/?parent=3618"}],"curies":[{"name":"wp","href":"https:\/\/api.w.org\/{rel}","templated":true}]}}